{"id":14434,"date":"2016-10-10T21:00:45","date_gmt":"2016-10-11T03:00:45","guid":{"rendered":"https:\/\/ecotourspetate.com\/day-tours-el-salvador-day-tours-un-dia\/ecoturismo-el-salvador\/tour-de-caminata-al-volcan-de-izalco\/"},"modified":"2025-10-27T18:29:13","modified_gmt":"2025-10-28T00:29:13","slug":"tour-de-caminata-al-volcan-de-izalco","status":"publish","type":"page","link":"https:\/\/ecotourspetate.com\/es\/day-tours-el-salvador-day-tours-un-dia\/ecoturismo-el-salvador\/tour-de-caminata-al-volcan-de-izalco\/","title":{"rendered":"Tour de Caminata al Volcan de Izalco"},"content":{"rendered":"\t\t<div data-elementor-type=\"wp-page\" data-elementor-id=\"14434\" class=\"elementor elementor-14434 elementor-3786\" data-elementor-post-type=\"page\">\n\t\t\t\t\t\t<section class=\"elementor-section elementor-top-section elementor-element elementor-element-73ae6ca9 elementor-section-boxed elementor-section-height-default elementor-section-height-default\" data-id=\"73ae6ca9\" data-element_type=\"section\" data-e-type=\"section\">\n\t\t\t\t\t\t<div class=\"elementor-container elementor-column-gap-default\">\n\t\t\t\t\t<div class=\"elementor-column elementor-col-33 elementor-top-column elementor-element elementor-element-1e9e0c4c\" data-id=\"1e9e0c4c\" data-element_type=\"column\" data-e-type=\"column\">\n\t\t\t<div class=\"elementor-widget-wrap elementor-element-populated\">\n\t\t\t\t\t\t<div class=\"elementor-element elementor-element-2e5925a7 elementor--star-style-star_fontawesome elementor-widget elementor-widget-star-rating\" data-id=\"2e5925a7\" data-element_type=\"widget\" data-e-type=\"widget\" data-widget_type=\"star-rating.default\">\n\t\t\t\t<div class=\"elementor-widget-container\">\n\t\t\t\t\t\t\t<div class=\"elementor-star-rating__wrapper\">\n\t\t\t\t\t\t\t<div class=\"elementor-star-rating__title\">255 rese\u00f1as<\/div>\n\t\t\t\t\t\t<div class=\"elementor-star-rating\" itemtype=\"http:\/\/schema.org\/Rating\" itemscope=\"\" itemprop=\"reviewRating\">\n\t\t\t\t<i class=\"elementor-star-full\" aria-hidden=\"true\">&#xE934;<\/i><i class=\"elementor-star-full\" aria-hidden=\"true\">&#xE934;<\/i><i class=\"elementor-star-full\" aria-hidden=\"true\">&#xE934;<\/i><i class=\"elementor-star-full\" aria-hidden=\"true\">&#xE934;<\/i><i class=\"elementor-star-full\" aria-hidden=\"true\">&#xE934;<\/i>\t\t\t\t<span itemprop=\"ratingValue\" class=\"elementor-screen-only\">Valorado con 5 de 5<\/span>\n\t\t\t<\/div>\n\t\t<\/div>\n\t\t\t\t\t\t<\/div>\n\t\t\t\t<\/div>\n\t\t\t\t\t<\/div>\n\t\t<\/div>\n\t\t\t\t<div class=\"elementor-column elementor-col-33 elementor-top-column elementor-element elementor-element-349cfe5f\" data-id=\"349cfe5f\" data-element_type=\"column\" data-e-type=\"column\">\n\t\t\t<div class=\"elementor-widget-wrap elementor-element-populated\">\n\t\t\t\t\t\t<div class=\"elementor-element elementor-element-374b055d elementor-icon-list--layout-inline elementor-list-item-link-full_width elementor-widget elementor-widget-icon-list\" data-id=\"374b055d\" data-element_type=\"widget\" data-e-type=\"widget\" data-widget_type=\"icon-list.default\">\n\t\t\t\t<div class=\"elementor-widget-container\">\n\t\t\t\t\t\t\t<ul class=\"elementor-icon-list-items elementor-inline-items\">\n\t\t\t\t\t\t\t<li class=\"elementor-icon-list-item elementor-inline-item\">\n\t\t\t\t\t\t\t\t\t\t\t<span class=\"elementor-icon-list-icon\">\n\t\t\t\t\t\t\t<i aria-hidden=\"true\" class=\"fas fa-map-marker-alt\"><\/i>\t\t\t\t\t\t<\/span>\n\t\t\t\t\t\t\t\t\t\t<span class=\"elementor-icon-list-text\">Sonsonate, El Salvador<\/span>\n\t\t\t\t\t\t\t\t\t<\/li>\n\t\t\t\t\t\t\t\t<li class=\"elementor-icon-list-item elementor-inline-item\">\n\t\t\t\t\t\t\t\t\t\t\t<span class=\"elementor-icon-list-icon\">\n\t\t\t\t\t\t\t<i aria-hidden=\"true\" class=\"fas fa-hiking\"><\/i>\t\t\t\t\t\t<\/span>\n\t\t\t\t\t\t\t\t\t\t<span class=\"elementor-icon-list-text\">Caminata<\/span>\n\t\t\t\t\t\t\t\t\t<\/li>\n\t\t\t\t\t\t<\/ul>\n\t\t\t\t\t\t<\/div>\n\t\t\t\t<\/div>\n\t\t\t\t\t<\/div>\n\t\t<\/div>\n\t\t\t\t<div class=\"elementor-column elementor-col-33 elementor-top-column elementor-element elementor-element-71fb598a\" data-id=\"71fb598a\" data-element_type=\"column\" data-e-type=\"column\">\n\t\t\t<div class=\"elementor-widget-wrap elementor-element-populated\">\n\t\t\t\t\t\t<div class=\"elementor-element elementor-element-78e2985 elementor-widget__width-auto elementor-fixed elementor-widget elementor-widget-global elementor-global-11463 elementor-widget-button\" data-id=\"78e2985\" data-element_type=\"widget\" data-e-type=\"widget\" data-settings=\"{&quot;_position&quot;:&quot;fixed&quot;}\" data-widget_type=\"button.default\">\n\t\t\t\t<div class=\"elementor-widget-container\">\n\t\t\t\t\t\t\t\t\t<div class=\"elementor-button-wrapper\">\n\t\t\t\t\t<a class=\"elementor-button elementor-button-link elementor-size-sm\" href=\"https:\/\/api.whatsapp.com\/send?phone=50371819077\" target=\"_blank\">\n\t\t\t\t\t\t<span class=\"elementor-button-content-wrapper\">\n\t\t\t\t\t\t<span class=\"elementor-button-icon\">\n\t\t\t\t<i aria-hidden=\"true\" class=\"fab fa-whatsapp\"><\/i>\t\t\t<\/span>\n\t\t\t\t\t\t\t\t<\/span>\n\t\t\t\t\t<\/a>\n\t\t\t\t<\/div>\n\t\t\t\t\t\t\t\t<\/div>\n\t\t\t\t<\/div>\n\t\t\t\t\t<\/div>\n\t\t<\/div>\n\t\t\t\t\t<\/div>\n\t\t<\/section>\n\t\t\t\t<section class=\"elementor-section elementor-top-section elementor-element elementor-element-5256ae8c elementor-section-boxed elementor-section-height-default elementor-section-height-default\" data-id=\"5256ae8c\" data-element_type=\"section\" data-e-type=\"section\">\n\t\t\t\t\t\t<div class=\"elementor-container elementor-column-gap-default\">\n\t\t\t\t\t<div class=\"elementor-column elementor-col-66 elementor-top-column elementor-element elementor-element-3b3a4137\" data-id=\"3b3a4137\" data-element_type=\"column\" data-e-type=\"column\">\n\t\t\t<div class=\"elementor-widget-wrap elementor-element-populated\">\n\t\t\t\t\t\t<div class=\"elementor-element elementor-element-73e7d665 elementor-arrows-position-inside elementor-pagination-position-outside elementor-widget elementor-widget-image-carousel\" data-id=\"73e7d665\" data-element_type=\"widget\" data-e-type=\"widget\" data-settings=\"{&quot;slides_to_show&quot;:&quot;1&quot;,&quot;navigation&quot;:&quot;both&quot;,&quot;autoplay&quot;:&quot;yes&quot;,&quot;pause_on_hover&quot;:&quot;yes&quot;,&quot;pause_on_interaction&quot;:&quot;yes&quot;,&quot;autoplay_speed&quot;:5000,&quot;infinite&quot;:&quot;yes&quot;,&quot;effect&quot;:&quot;slide&quot;,&quot;speed&quot;:500}\" data-widget_type=\"image-carousel.default\">\n\t\t\t\t<div class=\"elementor-widget-container\">\n\t\t\t\t\t\t\t<div class=\"elementor-image-carousel-wrapper swiper\" role=\"region\" aria-roledescription=\"carousel\" aria-label=\"Image Carousel\" dir=\"ltr\">\n\t\t\t<div class=\"elementor-image-carousel swiper-wrapper\" aria-live=\"off\">\n\t\t\t\t\t\t\t\t<div class=\"swiper-slide\" role=\"group\" aria-roledescription=\"slide\" aria-label=\"1 de 5\"><figure class=\"swiper-slide-inner\"><img decoding=\"async\" class=\"swiper-slide-image\" src=\"https:\/\/ecotourspetate.com\/wp-content\/uploads\/2025\/01\/in-the-crater.jpg\" alt=\"En-el-crater\" \/><\/figure><\/div><div class=\"swiper-slide\" role=\"group\" aria-roledescription=\"slide\" aria-label=\"2 de 5\"><figure class=\"swiper-slide-inner\"><img decoding=\"async\" class=\"swiper-slide-image\" src=\"https:\/\/ecotourspetate.com\/wp-content\/uploads\/2025\/01\/izalco.jpg\" alt=\"izalco\" \/><\/figure><\/div><div class=\"swiper-slide\" role=\"group\" aria-roledescription=\"slide\" aria-label=\"3 de 5\"><figure class=\"swiper-slide-inner\"><img decoding=\"async\" class=\"swiper-slide-image\" src=\"https:\/\/ecotourspetate.com\/wp-content\/uploads\/2025\/01\/izalco-caminata.jpg\" alt=\"izalco-caminata\" \/><\/figure><\/div><div class=\"swiper-slide\" role=\"group\" aria-roledescription=\"slide\" aria-label=\"4 de 5\"><figure class=\"swiper-slide-inner\"><img decoding=\"async\" class=\"swiper-slide-image\" src=\"https:\/\/ecotourspetate.com\/wp-content\/uploads\/2025\/01\/izalco-volcano-hike.jpg\" alt=\"izalco-volcano-hike\" \/><\/figure><\/div><div class=\"swiper-slide\" role=\"group\" aria-roledescription=\"slide\" aria-label=\"5 de 5\"><figure class=\"swiper-slide-inner\"><img decoding=\"async\" class=\"swiper-slide-image\" src=\"https:\/\/ecotourspetate.com\/wp-content\/uploads\/2025\/01\/view-from-the-summit.jpg\" alt=\"Vistas-desde-la-cima\" \/><\/figure><\/div>\t\t\t<\/div>\n\t\t\t\t\t\t\t\t\t\t\t\t<div class=\"elementor-swiper-button elementor-swiper-button-prev\" role=\"button\" tabindex=\"0\">\n\t\t\t\t\t\t<i aria-hidden=\"true\" class=\"eicon-chevron-left\"><\/i>\t\t\t\t\t<\/div>\n\t\t\t\t\t<div class=\"elementor-swiper-button elementor-swiper-button-next\" role=\"button\" tabindex=\"0\">\n\t\t\t\t\t\t<i aria-hidden=\"true\" class=\"eicon-chevron-right\"><\/i>\t\t\t\t\t<\/div>\n\t\t\t\t\n\t\t\t\t\t\t\t\t\t<div class=\"swiper-pagination\"><\/div>\n\t\t\t\t\t\t\t\t\t<\/div>\n\t\t\t\t\t\t<\/div>\n\t\t\t\t<\/div>\n\t\t\t\t\t<\/div>\n\t\t<\/div>\n\t\t\t\t<div class=\"elementor-column elementor-col-33 elementor-top-column elementor-element elementor-element-11e7e823\" data-id=\"11e7e823\" data-element_type=\"column\" data-e-type=\"column\" data-settings=\"{&quot;background_background&quot;:&quot;classic&quot;}\">\n\t\t\t<div class=\"elementor-widget-wrap elementor-element-populated\">\n\t\t\t\t\t\t<div class=\"elementor-element elementor-element-56ac9a8f elementor-widget elementor-widget-heading\" data-id=\"56ac9a8f\" data-element_type=\"widget\" data-e-type=\"widget\" data-widget_type=\"heading.default\">\n\t\t\t\t<div class=\"elementor-widget-container\">\n\t\t\t\t\t<h2 class=\"elementor-heading-title elementor-size-default\">Reserva en Linea<\/h2>\t\t\t\t<\/div>\n\t\t\t\t<\/div>\n\t\t\t\t<div class=\"elementor-element elementor-element-c1de3df elementor-widget elementor-widget-html\" data-id=\"c1de3df\" data-element_type=\"widget\" data-e-type=\"widget\" data-widget_type=\"html.default\">\n\t\t\t\t<div class=\"elementor-widget-container\">\n\t\t\t\t\t<div><script src=\"https:\/\/cdn.wetravel.com\/widgets\/embed_calendar.js\" id=\"wetravel_embed_calendar\" data-env=\"https:\/\/www.wetravel.com\" data-version=\"v0.3\" data-uid=\"704437\" data-uuid=\"81106021\" data-color=\"ffcc05\" data-text=\"Book Now\" data-title=\"Select Departure Date\"><\/script><\/div>\t\t\t\t<\/div>\n\t\t\t\t<\/div>\n\t\t\t\t<div class=\"elementor-element elementor-element-c933f1 elementor-widget elementor-widget-text-editor\" data-id=\"c933f1\" data-element_type=\"widget\" data-e-type=\"widget\" data-widget_type=\"text-editor.default\">\n\t\t\t\t<div class=\"elementor-widget-container\">\n\t\t\t\t\t\t\t\t\t<p><strong>*Cancelaci\u00f3n gratuita<\/strong><br \/>Hasta 24 horas antes<\/p>\n\t\t\t\t\t\t\t\t<\/div>\n\t\t\t\t<\/div>\n\t\t\t\t\t<\/div>\n\t\t<\/div>\n\t\t\t\t\t<\/div>\n\t\t<\/section>\n\t\t\t\t<section class=\"elementor-section elementor-top-section elementor-element elementor-element-6b956a7f elementor-section-boxed elementor-section-height-default elementor-section-height-default\" data-id=\"6b956a7f\" data-element_type=\"section\" data-e-type=\"section\">\n\t\t\t\t\t\t<div class=\"elementor-container elementor-column-gap-default\">\n\t\t\t\t\t<div class=\"elementor-column elementor-col-50 elementor-top-column elementor-element elementor-element-2c6b3c69\" data-id=\"2c6b3c69\" data-element_type=\"column\" data-e-type=\"column\">\n\t\t\t<div class=\"elementor-widget-wrap elementor-element-populated\">\n\t\t\t\t\t\t<div class=\"elementor-element elementor-element-57758c04 elementor-icon-list--layout-inline elementor-list-item-link-full_width elementor-widget elementor-widget-icon-list\" data-id=\"57758c04\" data-element_type=\"widget\" data-e-type=\"widget\" data-widget_type=\"icon-list.default\">\n\t\t\t\t<div class=\"elementor-widget-container\">\n\t\t\t\t\t\t\t<ul class=\"elementor-icon-list-items elementor-inline-items\">\n\t\t\t\t\t\t\t<li class=\"elementor-icon-list-item elementor-inline-item\">\n\t\t\t\t\t\t\t\t\t\t\t<span class=\"elementor-icon-list-icon\">\n\t\t\t\t\t\t\t<i aria-hidden=\"true\" class=\"far fa-clock\"><\/i>\t\t\t\t\t\t<\/span>\n\t\t\t\t\t\t\t\t\t\t<span class=\"elementor-icon-list-text\">Recogida 08.30 AM<\/span>\n\t\t\t\t\t\t\t\t\t<\/li>\n\t\t\t\t\t\t\t\t<li class=\"elementor-icon-list-item elementor-inline-item\">\n\t\t\t\t\t\t\t\t\t\t\t<span class=\"elementor-icon-list-icon\">\n\t\t\t\t\t\t\t<i aria-hidden=\"true\" class=\"fas fa-building\"><\/i>\t\t\t\t\t\t<\/span>\n\t\t\t\t\t\t\t\t\t\t<span class=\"elementor-icon-list-text\">Recogida y regreso al hotel<\/span>\n\t\t\t\t\t\t\t\t\t<\/li>\n\t\t\t\t\t\t\t\t<li class=\"elementor-icon-list-item elementor-inline-item\">\n\t\t\t\t\t\t\t\t\t\t\t<span class=\"elementor-icon-list-icon\">\n\t\t\t\t\t\t\t<i aria-hidden=\"true\" class=\"fas fa-signal\"><\/i>\t\t\t\t\t\t<\/span>\n\t\t\t\t\t\t\t\t\t\t<span class=\"elementor-icon-list-text\">Dificultad: Alta<\/span>\n\t\t\t\t\t\t\t\t\t<\/li>\n\t\t\t\t\t\t\t\t<li class=\"elementor-icon-list-item elementor-inline-item\">\n\t\t\t\t\t\t\t\t\t\t\t<span class=\"elementor-icon-list-icon\">\n\t\t\t\t\t\t\t<i aria-hidden=\"true\" class=\"fas fa-hourglass-half\"><\/i>\t\t\t\t\t\t<\/span>\n\t\t\t\t\t\t\t\t\t\t<span class=\"elementor-icon-list-text\">Duraci\u00f3n de 7 a 8 horas<\/span>\n\t\t\t\t\t\t\t\t\t<\/li>\n\t\t\t\t\t\t<\/ul>\n\t\t\t\t\t\t<\/div>\n\t\t\t\t<\/div>\n\t\t\t\t<div class=\"elementor-element elementor-element-47a2b284 elementor-widget elementor-widget-heading\" data-id=\"47a2b284\" data-element_type=\"widget\" data-e-type=\"widget\" data-widget_type=\"heading.default\">\n\t\t\t\t<div class=\"elementor-widget-container\">\n\t\t\t\t\t<h2 class=\"elementor-heading-title elementor-size-default\">DESCRIPCI\u00d3N DEL TOUR AL VOLC\u00c1N DE IZALCO<\/h2>\t\t\t\t<\/div>\n\t\t\t\t<\/div>\n\t\t\t\t<div class=\"elementor-element elementor-element-5452e28d elementor-widget elementor-widget-text-editor\" data-id=\"5452e28d\" data-element_type=\"widget\" data-e-type=\"widget\" data-widget_type=\"text-editor.default\">\n\t\t\t\t<div class=\"elementor-widget-container\">\n\t\t\t\t\t\t\t\t\t<p>El volc\u00e1n Izalco, en El Salvador, es el m\u00e1s joven del pa\u00eds y uno de los m\u00e1s j\u00f3venes del continente. Al pensar en un volc\u00e1n, lo primero que se imagina es un cuerpo volc\u00e1nico colosal con forma c\u00f3nica. El volc\u00e1n Izalco tiene una forma de cono casi perfecta. Forma parte de la cordillera Apaneca-Ilamatepec. A sus pies se encuentra un pueblo de origen colonial que lleva el mismo nombre.<\/p><p>A pesar de su corta edad, este volc\u00e1n tiene muchas historias que contar. Este lugar es conocido como el Faro del Pac\u00edfico por haber permanecido en erupci\u00f3n continua durante m\u00e1s de 196 a\u00f1os. Los barcos supieron que hab\u00edan llegado al puerto de Acajutla al ver los impresionantes flujos de lava de este coloso. Ahora, este imponente volc\u00e1n te espera para que conquistes la cima.<\/p><p>Para comenzar nuestra caminata por el volc\u00e1n Izalco, debemos llegar al Parque Nacional Cerro Verde, ubicado a 1 hora y 30 minutos de San Salvador. Este volc\u00e1n es sin duda una aventura total, y la caminata en s\u00ed es probablemente una de las m\u00e1s desafiantes. Una buena condici\u00f3n f\u00edsica ser\u00e1 muy \u00fatil durante la caminata. La caminata al Volc\u00e1n Izalco comienza desde la cima del Parque Nacional Cerro Verde.<\/p><p>La primera parte de la caminata ser\u00e1 el descenso del Parque Nacional Cerro Verde. Caminaremos en medio del bosque neblinoso hasta llegar a las faldas del volc\u00e1n Izalco. Continuaremos ascendiendo por el volc\u00e1n, formado pr\u00e1cticamente de lava seca. Desde este punto, la subida dura aproximadamente 40 minutos.<\/p><p>Desde la cima del volc\u00e1n se pueden apreciar los flujos de lava seca, el volc\u00e1n Santa Ana (uno de los volcanes activos) y el territorio salvadore\u00f1o. Nos tomar\u00e1 aproximadamente 2 horas llegar a la cima del Volc\u00e1n Izalco y otras 2 horas regresar.<\/p><p>Despu\u00e9s de esta aventura, terminaremos visitando el hermoso Lago de Coatepeque. Refr\u00e9squese en sus aguas o simplemente disfrute del paisaje.<\/p><p>El Lago de Coatepeque es una caldera volc\u00e1nica formada hace miles de a\u00f1os, ahora considerado el lago m\u00e1s hermoso del pa\u00eds. Cada a\u00f1o, sus aguas cambian de color, pasando de un azul intenso a un turquesa. Descubra este rinc\u00f3n de El Salvador con nosotros en este tour al volc\u00e1n de Izalco.<\/p>\t\t\t\t\t\t\t\t<\/div>\n\t\t\t\t<\/div>\n\t\t\t\t<div class=\"elementor-element elementor-element-e873e5c elementor-widget elementor-widget-heading\" data-id=\"e873e5c\" data-element_type=\"widget\" data-e-type=\"widget\" data-widget_type=\"heading.default\">\n\t\t\t\t<div class=\"elementor-widget-container\">\n\t\t\t\t\t<h3 class=\"elementor-heading-title elementor-size-default\">Precio Tour al volcan de Izalco<\/h3>\t\t\t\t<\/div>\n\t\t\t\t<\/div>\n\t\t\t\t<div class=\"elementor-element elementor-element-bb0b572 elementor-icon-list--layout-traditional elementor-list-item-link-full_width elementor-widget elementor-widget-icon-list\" data-id=\"bb0b572\" data-element_type=\"widget\" data-e-type=\"widget\" data-widget_type=\"icon-list.default\">\n\t\t\t\t<div class=\"elementor-widget-container\">\n\t\t\t\t\t\t\t<ul class=\"elementor-icon-list-items\">\n\t\t\t\t\t\t\t<li class=\"elementor-icon-list-item\">\n\t\t\t\t\t\t\t\t\t\t\t<span class=\"elementor-icon-list-icon\">\n\t\t\t\t\t\t\t<i aria-hidden=\"true\" class=\"fas fa-user\"><\/i>\t\t\t\t\t\t<\/span>\n\t\t\t\t\t\t\t\t\t\t<span class=\"elementor-icon-list-text\">1 Persona: <b>$175.00 USD<\/b> (Ajustado a <b>$99.00 USD<\/b> si tenemos m\u00e1s participantes)<\/span>\n\t\t\t\t\t\t\t\t\t<\/li>\n\t\t\t\t\t\t\t\t<li class=\"elementor-icon-list-item\">\n\t\t\t\t\t\t\t\t\t\t\t<span class=\"elementor-icon-list-icon\">\n\t\t\t\t\t\t\t<i aria-hidden=\"true\" class=\"fas fa-user\"><\/i>\t\t\t\t\t\t<\/span>\n\t\t\t\t\t\t\t\t\t\t<span class=\"elementor-icon-list-text\">2 Personas: <b>$99.00 USD<\/b> por persona.<\/span>\n\t\t\t\t\t\t\t\t\t<\/li>\n\t\t\t\t\t\t\t\t<li class=\"elementor-icon-list-item\">\n\t\t\t\t\t\t\t\t\t\t\t<span class=\"elementor-icon-list-icon\">\n\t\t\t\t\t\t\t<i aria-hidden=\"true\" class=\"fas fa-user\"><\/i>\t\t\t\t\t\t<\/span>\n\t\t\t\t\t\t\t\t\t\t<span class=\"elementor-icon-list-text\">3 Personas: <b>$80.00 USD<\/b> por persona.<\/span>\n\t\t\t\t\t\t\t\t\t<\/li>\n\t\t\t\t\t\t\t\t<li class=\"elementor-icon-list-item\">\n\t\t\t\t\t\t\t\t\t\t\t<span class=\"elementor-icon-list-icon\">\n\t\t\t\t\t\t\t<i aria-hidden=\"true\" class=\"fas fa-user\"><\/i>\t\t\t\t\t\t<\/span>\n\t\t\t\t\t\t\t\t\t\t<span class=\"elementor-icon-list-text\">4 Personas: <b>$75.00 USD<\/b> por persona.<\/span>\n\t\t\t\t\t\t\t\t\t<\/li>\n\t\t\t\t\t\t\t\t<li class=\"elementor-icon-list-item\">\n\t\t\t\t\t\t\t\t\t\t\t<span class=\"elementor-icon-list-icon\">\n\t\t\t\t\t\t\t<i aria-hidden=\"true\" class=\"fas fa-user\"><\/i>\t\t\t\t\t\t<\/span>\n\t\t\t\t\t\t\t\t\t\t<span class=\"elementor-icon-list-text\">5- 10 personas: <b>$70.00 USD<\/b> por persona.<\/span>\n\t\t\t\t\t\t\t\t\t<\/li>\n\t\t\t\t\t\t<\/ul>\n\t\t\t\t\t\t<\/div>\n\t\t\t\t<\/div>\n\t\t\t\t<div class=\"elementor-element elementor-element-3392c8b elementor-align-right elementor-widget elementor-widget-button\" data-id=\"3392c8b\" data-element_type=\"widget\" data-e-type=\"widget\" data-widget_type=\"button.default\">\n\t\t\t\t<div class=\"elementor-widget-container\">\n\t\t\t\t\t\t\t\t\t<div class=\"elementor-button-wrapper\">\n\t\t\t\t\t<a class=\"elementor-button elementor-button-link elementor-size-sm\" href=\"https:\/\/www.wetravel.com\/checkout_embed?uuid=81106021&#038;source=direct_link\">\n\t\t\t\t\t\t<span class=\"elementor-button-content-wrapper\">\n\t\t\t\t\t\t\t\t\t<span class=\"elementor-button-text\">Reservar Ahora<\/span>\n\t\t\t\t\t<\/span>\n\t\t\t\t\t<\/a>\n\t\t\t\t<\/div>\n\t\t\t\t\t\t\t\t<\/div>\n\t\t\t\t<\/div>\n\t\t\t\t<div class=\"elementor-element elementor-element-56f2547e elementor-widget elementor-widget-heading\" data-id=\"56f2547e\" data-element_type=\"widget\" data-e-type=\"widget\" data-widget_type=\"heading.default\">\n\t\t\t\t<div class=\"elementor-widget-container\">\n\t\t\t\t\t<h2 class=\"elementor-heading-title elementor-size-default\">ITINERARIO DEL VOLC\u00c1N DE IZALCO<\/h2>\t\t\t\t<\/div>\n\t\t\t\t<\/div>\n\t\t\t\t<div class=\"elementor-element elementor-element-9d9c6eb elementor-widget elementor-widget-osm-map-elementor\" data-id=\"9d9c6eb\" data-element_type=\"widget\" data-e-type=\"widget\" data-widget_type=\"osm-map-elementor.default\">\n\t\t\t\t<div class=\"elementor-widget-container\">\n\t\t\t\t\t<div id=\"osm-map-9d9c6eb\" \n        class=\"osm-map-container\" \n        data-center=\"13.809141872047,-89.469424680899\"><\/div>        <script type=\"text\/javascript\">\n                    <\/script>\n        \t\t\t\t<\/div>\n\t\t\t\t<\/div>\n\t\t\t\t<div class=\"elementor-element elementor-element-8302e50 elementor-view-stacked elementor-position-inline-start elementor-mobile-position-inline-start elementor-shape-circle elementor-widget elementor-widget-icon-box\" data-id=\"8302e50\" data-element_type=\"widget\" data-e-type=\"widget\" data-widget_type=\"icon-box.default\">\n\t\t\t\t<div class=\"elementor-widget-container\">\n\t\t\t\t\t\t\t<div class=\"elementor-icon-box-wrapper\">\n\n\t\t\t\t\t\t<div class=\"elementor-icon-box-icon\">\n\t\t\t\t<span  class=\"elementor-icon\">\n\t\t\t\t<i aria-hidden=\"true\" class=\"far fa-building\"><\/i>\t\t\t\t<\/span>\n\t\t\t<\/div>\n\t\t\t\n\t\t\t\t\t\t<div class=\"elementor-icon-box-content\">\n\n\t\t\t\t\t\t\t\t\t<h3 class=\"elementor-icon-box-title\">\n\t\t\t\t\t\t<span  >\n\t\t\t\t\t\t\t06:00 AM - Salida desde su hotel o AirBnb\t\t\t\t\t\t<\/span>\n\t\t\t\t\t<\/h3>\n\t\t\t\t\n\t\t\t\t\t\t\t\t\t<p class=\"elementor-icon-box-description\">\n\t\t\t\t\t\tTu gu\u00eda te estar\u00e1 esperando listo para comenzar esta incre\u00edble experiencia<b>(05:30 AM si est\u00e1s hospedado en playa El Tunco).<\/b>\t\t\t\t\t<\/p>\n\t\t\t\t\n\t\t\t<\/div>\n\t\t\t\n\t\t<\/div>\n\t\t\t\t\t\t<\/div>\n\t\t\t\t<\/div>\n\t\t\t\t<div class=\"elementor-element elementor-element-92b436a elementor-view-stacked elementor-position-inline-start elementor-mobile-position-inline-start elementor-shape-circle elementor-widget elementor-widget-icon-box\" data-id=\"92b436a\" data-element_type=\"widget\" data-e-type=\"widget\" data-widget_type=\"icon-box.default\">\n\t\t\t\t<div class=\"elementor-widget-container\">\n\t\t\t\t\t\t\t<div class=\"elementor-icon-box-wrapper\">\n\n\t\t\t\t\t\t<div class=\"elementor-icon-box-icon\">\n\t\t\t\t<span  class=\"elementor-icon\">\n\t\t\t\t<i aria-hidden=\"true\" class=\"fas fa-hiking\"><\/i>\t\t\t\t<\/span>\n\t\t\t<\/div>\n\t\t\t\n\t\t\t\t\t\t<div class=\"elementor-icon-box-content\">\n\n\t\t\t\t\t\t\t\t\t<h3 class=\"elementor-icon-box-title\">\n\t\t\t\t\t\t<span  >\n\t\t\t\t\t\t\t08:00 AM - Caminata al Volc\u00e1n Izalco\t\t\t\t\t\t<\/span>\n\t\t\t\t\t<\/h3>\n\t\t\t\t\n\t\t\t\t\t\t\t\t\t<p class=\"elementor-icon-box-description\">\n\t\t\t\t\t\tComienza una emocionante caminata hacia el impresionante Volc\u00e1n Izalco, conocido como el \"Faro del Pac\u00edfico\". A medida que asciendes, disfruta de impresionantes vistas del Parque Nacional Cerro Verde, el Volc\u00e1n Santa Ana y el Lago Coatepeque mientras caminas por antiguos campos de lava y paisajes volc\u00e1nicos \u00fanicos.\t\t\t\t\t<\/p>\n\t\t\t\t\n\t\t\t<\/div>\n\t\t\t\n\t\t<\/div>\n\t\t\t\t\t\t<\/div>\n\t\t\t\t<\/div>\n\t\t\t\t<div class=\"elementor-element elementor-element-c1eb071 elementor-view-stacked elementor-position-inline-start elementor-mobile-position-inline-start elementor-shape-circle elementor-widget elementor-widget-icon-box\" data-id=\"c1eb071\" data-element_type=\"widget\" data-e-type=\"widget\" data-widget_type=\"icon-box.default\">\n\t\t\t\t<div class=\"elementor-widget-container\">\n\t\t\t\t\t\t\t<div class=\"elementor-icon-box-wrapper\">\n\n\t\t\t\t\t\t<div class=\"elementor-icon-box-icon\">\n\t\t\t\t<span  class=\"elementor-icon\">\n\t\t\t\t<i aria-hidden=\"true\" class=\"fas fa-flag\"><\/i>\t\t\t\t<\/span>\n\t\t\t<\/div>\n\t\t\t\n\t\t\t\t\t\t<div class=\"elementor-icon-box-content\">\n\n\t\t\t\t\t\t\t\t\t<h3 class=\"elementor-icon-box-title\">\n\t\t\t\t\t\t<span  >\n\t\t\t\t\t\t\t10:00 AM - Cr\u00e1ter del Volc\u00e1n Izalco\t\t\t\t\t\t<\/span>\n\t\t\t\t\t<\/h3>\n\t\t\t\t\n\t\t\t\t\t\t\t\t\t<p class=\"elementor-icon-box-description\">\n\t\t\t\t\t\tAlcanza la cima y sit\u00faate al borde del cr\u00e1ter activo del Volc\u00e1n Izalco. Siente la calidez de las rocas volc\u00e1nicas bajo tus pies y contempla la belleza agreste de sus oscuras laderas y fumarolas. Desde la cima, disfruta de vistas panor\u00e1micas de los volcanes circundantes, los frondosos bosques y el resplandeciente Oc\u00e9ano Pac\u00edfico a lo lejos: una recompensa inolvidable despu\u00e9s de la escalada.\t\t\t\t\t<\/p>\n\t\t\t\t\n\t\t\t<\/div>\n\t\t\t\n\t\t<\/div>\n\t\t\t\t\t\t<\/div>\n\t\t\t\t<\/div>\n\t\t\t\t<div class=\"elementor-element elementor-element-32c93df elementor-view-stacked elementor-position-inline-start elementor-mobile-position-inline-start elementor-shape-circle elementor-widget elementor-widget-icon-box\" data-id=\"32c93df\" data-element_type=\"widget\" data-e-type=\"widget\" data-widget_type=\"icon-box.default\">\n\t\t\t\t<div class=\"elementor-widget-container\">\n\t\t\t\t\t\t\t<div class=\"elementor-icon-box-wrapper\">\n\n\t\t\t\t\t\t<div class=\"elementor-icon-box-icon\">\n\t\t\t\t<span  class=\"elementor-icon\">\n\t\t\t\t<i aria-hidden=\"true\" class=\"fas fa-water\"><\/i>\t\t\t\t<\/span>\n\t\t\t<\/div>\n\t\t\t\n\t\t\t\t\t\t<div class=\"elementor-icon-box-content\">\n\n\t\t\t\t\t\t\t\t\t<h3 class=\"elementor-icon-box-title\">\n\t\t\t\t\t\t<span  >\n\t\t\t\t\t\t\t13:00 - Lago de Coatepeque\t\t\t\t\t\t<\/span>\n\t\t\t\t\t<\/h3>\n\t\t\t\t\n\t\t\t\t\t\t\t\t\t<p class=\"elementor-icon-box-description\">\n\t\t\t\t\t\tLlegue al impresionante Lago de Coatepeque, una de las maravillas naturales m\u00e1s hermosas de El Salvador. Formado en un antiguo cr\u00e1ter volc\u00e1nico, sus aguas turquesas y su atm\u00f3sfera apacible lo convierten en el lugar perfecto para relajarse despu\u00e9s de la caminata. Disfrute de las impresionantes vistas, tome fotos desde los miradores panor\u00e1micos o rel\u00e1jese en uno de los restaurantes junto al lago con vistas a este espectacular lago volc\u00e1nico.\t\t\t\t\t<\/p>\n\t\t\t\t\n\t\t\t<\/div>\n\t\t\t\n\t\t<\/div>\n\t\t\t\t\t\t<\/div>\n\t\t\t\t<\/div>\n\t\t\t\t<div class=\"elementor-element elementor-element-4030a53 elementor-view-stacked elementor-position-inline-start elementor-mobile-position-inline-start elementor-shape-circle elementor-widget elementor-widget-icon-box\" data-id=\"4030a53\" data-element_type=\"widget\" data-e-type=\"widget\" data-widget_type=\"icon-box.default\">\n\t\t\t\t<div class=\"elementor-widget-container\">\n\t\t\t\t\t\t\t<div class=\"elementor-icon-box-wrapper\">\n\n\t\t\t\t\t\t<div class=\"elementor-icon-box-icon\">\n\t\t\t\t<span  class=\"elementor-icon\">\n\t\t\t\t<i aria-hidden=\"true\" class=\"far fa-arrow-alt-circle-left\"><\/i>\t\t\t\t<\/span>\n\t\t\t<\/div>\n\t\t\t\n\t\t\t\t\t\t<div class=\"elementor-icon-box-content\">\n\n\t\t\t\t\t\t\t\t\t<h3 class=\"elementor-icon-box-title\">\n\t\t\t\t\t\t<span  >\n\t\t\t\t\t\t\t02:00 PM - Regreso a la ciudad de San Salvador\t\t\t\t\t\t<\/span>\n\t\t\t\t\t<\/h3>\n\t\t\t\t\n\t\t\t\t\t\t\t\t\t<p class=\"elementor-icon-box-description\">\n\t\t\t\t\t\tIniciamos nuestro regreso a tu hotel de hospedaje en San Salvador, un recorrido aproximado de 1 hora y media. O 2 horas si te alojas en Playa El Tunco. Sin duda el tour Caminata al Volc\u00e1n Santa Ana ser\u00e1 una experiencia que no olvidar\u00e1s, \u00a1desc\u00fabrela con nosotros!\t\t\t\t\t<\/p>\n\t\t\t\t\n\t\t\t<\/div>\n\t\t\t\n\t\t<\/div>\n\t\t\t\t\t\t<\/div>\n\t\t\t\t<\/div>\n\t\t\t\t<div class=\"elementor-element elementor-element-b9791e1 elementor-widget-divider--view-line elementor-widget elementor-widget-divider\" data-id=\"b9791e1\" data-element_type=\"widget\" data-e-type=\"widget\" data-widget_type=\"divider.default\">\n\t\t\t\t<div class=\"elementor-widget-container\">\n\t\t\t\t\t\t\t<div class=\"elementor-divider\">\n\t\t\t<span class=\"elementor-divider-separator\">\n\t\t\t\t\t\t<\/span>\n\t\t<\/div>\n\t\t\t\t\t\t<\/div>\n\t\t\t\t<\/div>\n\t\t\t\t<div class=\"elementor-element elementor-element-dbee3f2 elementor-widget elementor-widget-text-editor\" data-id=\"dbee3f2\" data-element_type=\"widget\" data-e-type=\"widget\" data-widget_type=\"text-editor.default\">\n\t\t\t\t<div class=\"elementor-widget-container\">\n\t\t\t\t\t\t\t\t\t<h2>\ud83c\udfd4\ufe0f <span style=\"color: rgb(153, 204, 0);\" data-mce-style=\"color: #99cc00;\">Excursi\u00f3n de Senderismo al Volc\u00e1n Izalco \u2013 Preguntas Frecuentes.<\/span><\/h2>\n<p><strong>1. \u00bfQu\u00e9 tan dif\u00edcil es la caminata al Volc\u00e1n Izalco?<\/strong><br \/>La caminata se considera de moderada a desafiante, con una distancia total de aproximadamente 6 km ida y vuelta y tramos empinados durante el ascenso y descenso. Se recomienda un nivel b\u00e1sico de condici\u00f3n f\u00edsica.<\/p>\n<p><strong>2. \u00bfCu\u00e1nto dura la caminata?<\/strong><br \/>La caminata completa suele durar unas 3 horas, incluyendo paradas para descansar y tomar fotos a lo largo del sendero.<\/p>\n<p><strong>3. \u00bfCu\u00e1l es el punto de partida de la caminata?<\/strong><br \/>La caminata comienza dentro del Parque Nacional Cerro Verde, donde los visitantes descienden primero y luego ascienden al Volc\u00e1n Izalco.<\/p>\n<p><strong>4. \u00bfQu\u00e9 puedo esperar ver durante la caminata?<\/strong><br \/>Caminar\u00e1s por formaciones rocosas volc\u00e1nicas, ver\u00e1s chimeneas de vapor y disfrutar\u00e1s de incre\u00edbles vistas panor\u00e1micas del Volc\u00e1n Santa Ana, el Lago de Coatepeque y el Oc\u00e9ano Pac\u00edfico en d\u00edas despejados.<\/p>\n<p><strong>5. \u00bfQu\u00e9 debo llevar conmigo?<\/strong><\/p>\n<p> Traiga zapatos c\u00f3modos para caminar, sombrero, protector solar, 2 litros de agua, refrigerios y una chaqueta ligera. Los bastones de trekking tambi\u00e9n pueden ser \u00fatiles para los tramos empinados.<\/p>\n<p><strong>6. \u00bfSe requiere gu\u00eda para la caminata?<\/strong><br \/>S\u00ed. Por razones de seguridad, es obligatorio contar con un gu\u00eda local, que est\u00e1 incluido en todos nuestros tours.<\/p>\n<p><strong>7. \u00bfA qu\u00e9 hora comienza y termina el tour?<\/strong><br \/>El tour suele comenzar alrededor de las 8:00 a. m. y terminar alrededor de la 1:00 p. m. y la 2:00 p. m., dependiendo del ritmo y las condiciones del grupo.<\/p>\n<p><strong>8. \u00bfPuedo nadar en el lago Coatepeque despu\u00e9s de la caminata?<\/strong><br \/>S\u00ed, despu\u00e9s de la caminata tendr\u00e1 tiempo para relajarse y disfrutar del lago Coatepeque, donde podr\u00e1 almorzar, nadar o simplemente admirar las vistas.<\/p>\n<p><strong>9. \u00bfEst\u00e1 incluido el transporte?<\/strong><br \/>S\u00ed, el transporte de ida y vuelta desde San Salvador o Playa El Tunco est\u00e1 incluido al reservar con Eco Tours Petate.<\/p>\n<p><strong>10. \u00bfQu\u00e9 sucede si llueve?<\/strong> La caminata se realiza bajo lluvia ligera, pero si las condiciones clim\u00e1ticas no son seguras, podemos reprogramar o ajustar el itinerario para garantizar la seguridad de todos.<\/p>\n\t\t\t\t\t\t\t\t<\/div>\n\t\t\t\t<\/div>\n\t\t\t\t<div class=\"elementor-element elementor-element-3dd611b elementor-widget-divider--view-line elementor-widget elementor-widget-divider\" data-id=\"3dd611b\" data-element_type=\"widget\" data-e-type=\"widget\" data-widget_type=\"divider.default\">\n\t\t\t\t<div class=\"elementor-widget-container\">\n\t\t\t\t\t\t\t<div class=\"elementor-divider\">\n\t\t\t<span class=\"elementor-divider-separator\">\n\t\t\t\t\t\t<\/span>\n\t\t<\/div>\n\t\t\t\t\t\t<\/div>\n\t\t\t\t<\/div>\n\t\t\t\t<div class=\"elementor-element elementor-element-68b889a1 elementor-widget elementor-widget-text-editor\" data-id=\"68b889a1\" data-element_type=\"widget\" data-e-type=\"widget\" data-widget_type=\"text-editor.default\">\n\t\t\t\t<div class=\"elementor-widget-container\">\n\t\t\t\t\t\t\t\t\t<h2>INCLUSIONES Y EXCLUSIONES DE ESTE VIAJE<\/h2><p><br><strong>INCLUSIONES<\/strong> \u2022 Grupos peque\u00f1os \u2022 Recogida y regreso al hotel de San Salvador \u2022 Transporte en veh\u00edculo c\u00f3modo \u2022 Gu\u00eda profesional \u2022 Todas las entradas.<\/p><p><strong>EXCLUSIONES<\/strong> \u2022 Propinas (opcional) \u2022 Almuerzo\/comida \u2022 Bebidas \u2022 Botella de agua<\/p>\t\t\t\t\t\t\t\t<\/div>\n\t\t\t\t<\/div>\n\t\t\t\t<div class=\"elementor-element elementor-element-afb6811 elementor-widget elementor-widget-heading\" data-id=\"afb6811\" data-element_type=\"widget\" data-e-type=\"widget\" data-widget_type=\"heading.default\">\n\t\t\t\t<div class=\"elementor-widget-container\">\n\t\t\t\t\t<h2 class=\"elementor-heading-title elementor-size-default\">Reserva en Linea<\/h2>\t\t\t\t<\/div>\n\t\t\t\t<\/div>\n\t\t\t\t<div class=\"elementor-element elementor-element-c11e8f2 elementor-widget elementor-widget-html\" data-id=\"c11e8f2\" data-element_type=\"widget\" data-e-type=\"widget\" data-widget_type=\"html.default\">\n\t\t\t\t<div class=\"elementor-widget-container\">\n\t\t\t\t\t<div><script src=\"https:\/\/cdn.wetravel.com\/widgets\/embed_calendar.js\" id=\"wetravel_embed_calendar\" data-env=\"https:\/\/www.wetravel.com\" data-version=\"v0.3\" data-uid=\"704437\" data-uuid=\"81106021\" data-color=\"ffcc05\" data-text=\"Book Now\" data-title=\"Select Departure Date\"><\/script><\/div>\t\t\t\t<\/div>\n\t\t\t\t<\/div>\n\t\t\t\t\t<\/div>\n\t\t<\/div>\n\t\t\t\t<div class=\"elementor-column elementor-col-50 elementor-top-column elementor-element elementor-element-78ef81ae\" data-id=\"78ef81ae\" data-element_type=\"column\" data-e-type=\"column\">\n\t\t\t<div class=\"elementor-widget-wrap elementor-element-populated\">\n\t\t\t\t\t\t<div class=\"elementor-element elementor-element-c221db9 elementor-widget elementor-widget-heading\" data-id=\"c221db9\" data-element_type=\"widget\" data-e-type=\"widget\" data-widget_type=\"heading.default\">\n\t\t\t\t<div class=\"elementor-widget-container\">\n\t\t\t\t\t<h2 class=\"elementor-heading-title elementor-size-default\">Descripci\u00f3n general<\/h2>\t\t\t\t<\/div>\n\t\t\t\t<\/div>\n\t\t\t\t<div class=\"elementor-element elementor-element-7ec191a1 elementor-widget elementor-widget-text-editor\" data-id=\"7ec191a1\" data-element_type=\"widget\" data-e-type=\"widget\" data-widget_type=\"text-editor.default\">\n\t\t\t\t<div class=\"elementor-widget-container\">\n\t\t\t\t\t\t\t\t\t<ul><li>Visita el volc\u00e1n m\u00e1s joven del pa\u00eds.<br><\/li><li>Visita guiada.<br><\/li><li>Impresionantes paisajes desde la cima.<br><\/li><li>Visita el lago m\u00e1s hermoso del pa\u00eds.<br><\/li><li>Incre\u00edble contacto con la naturaleza y los <\/li><li>volcanes.<\/li><\/ul>\t\t\t\t\t\t\t\t<\/div>\n\t\t\t\t<\/div>\n\t\t\t\t<div class=\"elementor-element elementor-element-2f926b28 elementor-widget elementor-widget-html\" data-id=\"2f926b28\" data-element_type=\"widget\" data-e-type=\"widget\" data-widget_type=\"html.default\">\n\t\t\t\t<div class=\"elementor-widget-container\">\n\t\t\t\t\t<div id=\"TA_selfserveprop130\" class=\"TA_selfserveprop\">\r\n<ul id=\"SXBvbIKTA\" class=\"TA_links WMCpKnfCE\">\r\n \t<li id=\"21t939q5\" class=\"8GI5HBMyI\"><a href=\"https:\/\/www.tripadvisor.com.au\/\" target=\"_blank\" rel=\"noopener\"><img decoding=\"async\" src=\"https:\/\/www.tripadvisor.com\/img\/cdsi\/img2\/branding\/150_logo-11900-2.png\" alt=\"TripAdvisor\" \/><\/a><\/li>\r\n<\/ul>\r\n<\/div>\r\n<script async src=\"https:\/\/www.jscache.com\/wejs?wtype=selfserveprop&uniq=130&locationId=7898636&lang=en_AU&rating=true&nreviews=3&writereviewlink=true&popIdx=true&iswide=false&border=true&display_version=2\" data-loadtrk onload=\"this.loadtrk=true\"><\/script>\t\t\t\t<\/div>\n\t\t\t\t<\/div>\n\t\t\t\t\t<\/div>\n\t\t<\/div>\n\t\t\t\t\t<\/div>\n\t\t<\/section>\n\t\t\t\t<section class=\"elementor-section elementor-top-section elementor-element elementor-element-5e2d518 elementor-section-boxed elementor-section-height-default elementor-section-height-default\" data-id=\"5e2d518\" data-element_type=\"section\" data-e-type=\"section\" data-settings=\"{&quot;background_background&quot;:&quot;classic&quot;}\">\n\t\t\t\t\t\t<div class=\"elementor-container elementor-column-gap-default\">\n\t\t\t\t\t<div class=\"elementor-column elementor-col-100 elementor-top-column elementor-element elementor-element-2c3a183\" data-id=\"2c3a183\" data-element_type=\"column\" data-e-type=\"column\">\n\t\t\t<div class=\"elementor-widget-wrap elementor-element-populated\">\n\t\t\t\t\t\t<div class=\"elementor-element elementor-element-5a0bd25 elementor-widget elementor-widget-heading\" data-id=\"5a0bd25\" data-element_type=\"widget\" data-e-type=\"widget\" data-widget_type=\"heading.default\">\n\t\t\t\t<div class=\"elementor-widget-container\">\n\t\t\t\t\t<h2 class=\"elementor-heading-title elementor-size-default\">\u00bfBuscas otras opciones? Prueba estas:<\/h2>\t\t\t\t<\/div>\n\t\t\t\t<\/div>\n\t\t\t\t\t<\/div>\n\t\t<\/div>\n\t\t\t\t\t<\/div>\n\t\t<\/section>\n\t\t\t\t<section class=\"elementor-section elementor-top-section elementor-element elementor-element-ffeec2f elementor-section-boxed elementor-section-height-default elementor-section-height-default\" data-id=\"ffeec2f\" data-element_type=\"section\" data-e-type=\"section\" data-settings=\"{&quot;background_background&quot;:&quot;classic&quot;}\">\n\t\t\t\t\t\t<div class=\"elementor-container elementor-column-gap-extended\">\n\t\t\t\t\t<div class=\"elementor-column elementor-col-33 elementor-top-column elementor-element elementor-element-adae151\" data-id=\"adae151\" data-element_type=\"column\" data-e-type=\"column\" data-settings=\"{&quot;background_background&quot;:&quot;classic&quot;}\">\n\t\t\t<div class=\"elementor-widget-wrap elementor-element-populated\">\n\t\t\t\t\t\t<div class=\"elementor-element elementor-element-21fd10e elementor-widget elementor-widget-image\" data-id=\"21fd10e\" data-element_type=\"widget\" data-e-type=\"widget\" data-widget_type=\"image.default\">\n\t\t\t\t<div class=\"elementor-widget-container\">\n\t\t\t\t\t\t\t\t\t\t\t\t\t\t\t\t<a href=\"https:\/\/ecotourspetate.com\/day-tours-el-salvador-day-tours-un-dia\/el-salvador-eco-tour\/tamanique-waterfall-tour-el-tunco-beach\/\">\n\t\t\t\t\t\t\t<img fetchpriority=\"high\" decoding=\"async\" width=\"491\" height=\"397\" src=\"https:\/\/ecotourspetate.com\/wp-content\/uploads\/2021\/08\/tamanique-tour-1.jpg\" class=\"attachment-large size-large wp-image-9020\" alt=\"\" srcset=\"https:\/\/ecotourspetate.com\/wp-content\/uploads\/2021\/08\/tamanique-tour-1.jpg 491w, https:\/\/ecotourspetate.com\/wp-content\/uploads\/2021\/08\/tamanique-tour-1-300x243.jpg 300w\" sizes=\"(max-width: 491px) 100vw, 491px\" \/>\t\t\t\t\t\t\t\t<\/a>\n\t\t\t\t\t\t\t\t\t\t\t\t\t\t\t<\/div>\n\t\t\t\t<\/div>\n\t\t\t\t<div class=\"elementor-element elementor-element-93e6c23 elementor-absolute elementor-widget elementor-widget-button\" data-id=\"93e6c23\" data-element_type=\"widget\" data-e-type=\"widget\" data-settings=\"{&quot;_position&quot;:&quot;absolute&quot;}\" data-widget_type=\"button.default\">\n\t\t\t\t<div class=\"elementor-widget-container\">\n\t\t\t\t\t\t\t\t\t<div class=\"elementor-button-wrapper\">\n\t\t\t\t\t<a class=\"elementor-button elementor-size-sm\" role=\"button\">\n\t\t\t\t\t\t<span class=\"elementor-button-content-wrapper\">\n\t\t\t\t\t\t\t\t\t<span class=\"elementor-button-text\">Aventura<\/span>\n\t\t\t\t\t<\/span>\n\t\t\t\t\t<\/a>\n\t\t\t\t<\/div>\n\t\t\t\t\t\t\t\t<\/div>\n\t\t\t\t<\/div>\n\t\t\t\t<div class=\"elementor-element elementor-element-bf0cc01 elementor-widget elementor-widget-heading\" data-id=\"bf0cc01\" data-element_type=\"widget\" data-e-type=\"widget\" data-widget_type=\"heading.default\">\n\t\t\t\t<div class=\"elementor-widget-container\">\n\t\t\t\t\t<h3 class=\"elementor-heading-title elementor-size-default\"><a href=\"https:\/\/ecotourspetate.com\/day-tours-el-salvador-day-tours-un-dia\/el-salvador-eco-tour\/tamanique-waterfall-tour-el-tunco-beach\/\">Cascadas de Tamanique y ciudad del surf<\/a><\/h3>\t\t\t\t<\/div>\n\t\t\t\t<\/div>\n\t\t\t\t<div class=\"elementor-element elementor-element-e4eb999 elementor-icon-list--layout-inline elementor-align-center elementor-list-item-link-full_width elementor-widget elementor-widget-icon-list\" data-id=\"e4eb999\" data-element_type=\"widget\" data-e-type=\"widget\" data-widget_type=\"icon-list.default\">\n\t\t\t\t<div class=\"elementor-widget-container\">\n\t\t\t\t\t\t\t<ul class=\"elementor-icon-list-items elementor-inline-items\">\n\t\t\t\t\t\t\t<li class=\"elementor-icon-list-item elementor-inline-item\">\n\t\t\t\t\t\t\t\t\t\t\t<span class=\"elementor-icon-list-icon\">\n\t\t\t\t\t\t\t<i aria-hidden=\"true\" class=\"far fa-clock\"><\/i>\t\t\t\t\t\t<\/span>\n\t\t\t\t\t\t\t\t\t\t<span class=\"elementor-icon-list-text\">7 - 8 Horas<\/span>\n\t\t\t\t\t\t\t\t\t<\/li>\n\t\t\t\t\t\t\t\t<li class=\"elementor-icon-list-item elementor-inline-item\">\n\t\t\t\t\t\t\t\t\t\t\t<span class=\"elementor-icon-list-icon\">\n\t\t\t\t\t\t\t<i aria-hidden=\"true\" class=\"fas fa-signal\"><\/i>\t\t\t\t\t\t<\/span>\n\t\t\t\t\t\t\t\t\t\t<span class=\"elementor-icon-list-text\">Dificultad Media<\/span>\n\t\t\t\t\t\t\t\t\t<\/li>\n\t\t\t\t\t\t<\/ul>\n\t\t\t\t\t\t<\/div>\n\t\t\t\t<\/div>\n\t\t\t\t<div class=\"elementor-element elementor-element-f55e515 elementor-widget elementor-widget-text-editor\" data-id=\"f55e515\" data-element_type=\"widget\" data-e-type=\"widget\" data-widget_type=\"text-editor.default\">\n\t\t\t\t<div class=\"elementor-widget-container\">\n\t\t\t\t\t\t\t\t\t<p>Prep\u00e1rate para llegar a la cima del volc\u00e1n m\u00e1s alto de El Salvador, los paisajes m\u00e1s asombrosos de El Salvador, Camina por un volc\u00e1n activo.<\/p>\n\t\t\t\t\t\t\t\t<\/div>\n\t\t\t\t<\/div>\n\t\t\t\t<section class=\"elementor-section elementor-inner-section elementor-element elementor-element-30f3e84 elementor-section-boxed elementor-section-height-default elementor-section-height-default\" data-id=\"30f3e84\" data-element_type=\"section\" data-e-type=\"section\">\n\t\t\t\t\t\t<div class=\"elementor-container elementor-column-gap-default\">\n\t\t\t\t\t<div class=\"elementor-column elementor-col-50 elementor-inner-column elementor-element elementor-element-bc381af\" data-id=\"bc381af\" data-element_type=\"column\" data-e-type=\"column\">\n\t\t\t<div class=\"elementor-widget-wrap elementor-element-populated\">\n\t\t\t\t\t\t<div class=\"elementor-element elementor-element-9f12e02 elementor-widget elementor-widget-heading\" data-id=\"9f12e02\" data-element_type=\"widget\" data-e-type=\"widget\" data-widget_type=\"heading.default\">\n\t\t\t\t<div class=\"elementor-widget-container\">\n\t\t\t\t\t<h2 class=\"elementor-heading-title elementor-size-default\">Desde $75.00 USD<\/h2>\t\t\t\t<\/div>\n\t\t\t\t<\/div>\n\t\t\t\t<div class=\"elementor-element elementor-element-a2233b0 elementor-widget elementor-widget-text-editor\" data-id=\"a2233b0\" data-element_type=\"widget\" data-e-type=\"widget\" data-widget_type=\"text-editor.default\">\n\t\t\t\t<div class=\"elementor-widget-container\">\n\t\t\t\t\t\t\t\t\t<p>*El precio var\u00eda seg\u00fan el tama\u00f1o del grupo.<\/p>\n\t\t\t\t\t\t\t\t<\/div>\n\t\t\t\t<\/div>\n\t\t\t\t\t<\/div>\n\t\t<\/div>\n\t\t\t\t<div class=\"elementor-column elementor-col-50 elementor-inner-column elementor-element elementor-element-a2e9833\" data-id=\"a2e9833\" data-element_type=\"column\" data-e-type=\"column\">\n\t\t\t<div class=\"elementor-widget-wrap elementor-element-populated\">\n\t\t\t\t\t\t<div class=\"elementor-element elementor-element-649d82c elementor-align-center elementor-widget elementor-widget-button\" data-id=\"649d82c\" data-element_type=\"widget\" data-e-type=\"widget\" data-widget_type=\"button.default\">\n\t\t\t\t<div class=\"elementor-widget-container\">\n\t\t\t\t\t\t\t\t\t<div class=\"elementor-button-wrapper\">\n\t\t\t\t\t<a class=\"elementor-button elementor-button-link elementor-size-xl\" href=\"https:\/\/ecotourspetate.com\/day-tours-el-salvador-day-tours-un-dia\/el-salvador-eco-tour\/tamanique-waterfall-tour-el-tunco-beach\/\">\n\t\t\t\t\t\t<span class=\"elementor-button-content-wrapper\">\n\t\t\t\t\t\t<span class=\"elementor-button-icon\">\n\t\t\t\t<i aria-hidden=\"true\" class=\"fas fa-angle-double-right\"><\/i>\t\t\t<\/span>\n\t\t\t\t\t\t\t\t\t<span class=\"elementor-button-text\">Ver viaje<\/span>\n\t\t\t\t\t<\/span>\n\t\t\t\t\t<\/a>\n\t\t\t\t<\/div>\n\t\t\t\t\t\t\t\t<\/div>\n\t\t\t\t<\/div>\n\t\t\t\t\t<\/div>\n\t\t<\/div>\n\t\t\t\t\t<\/div>\n\t\t<\/section>\n\t\t\t\t\t<\/div>\n\t\t<\/div>\n\t\t\t\t<div class=\"elementor-column elementor-col-33 elementor-top-column elementor-element elementor-element-08acdb9\" data-id=\"08acdb9\" data-element_type=\"column\" data-e-type=\"column\" data-settings=\"{&quot;background_background&quot;:&quot;classic&quot;}\">\n\t\t\t<div class=\"elementor-widget-wrap elementor-element-populated\">\n\t\t\t\t\t\t<div class=\"elementor-element elementor-element-7af0242 elementor-widget elementor-widget-image\" data-id=\"7af0242\" data-element_type=\"widget\" data-e-type=\"widget\" data-widget_type=\"image.default\">\n\t\t\t\t<div class=\"elementor-widget-container\">\n\t\t\t\t\t\t\t\t\t\t\t\t\t\t\t\t<a href=\"https:\/\/ecotourspetate.com\/es\/day-tours-el-salvador-day-tours-un-dia\/ecoturismo-el-salvador\/tour-al-volcan-de-santa-ana\/\">\n\t\t\t\t\t\t\t<img decoding=\"async\" width=\"495\" height=\"400\" src=\"https:\/\/ecotourspetate.com\/wp-content\/uploads\/2022\/09\/santa-ana-volcano-tour-2.jpg\" class=\"attachment-large size-large wp-image-9911\" alt=\"\" srcset=\"https:\/\/ecotourspetate.com\/wp-content\/uploads\/2022\/09\/santa-ana-volcano-tour-2.jpg 495w, https:\/\/ecotourspetate.com\/wp-content\/uploads\/2022\/09\/santa-ana-volcano-tour-2-300x242.jpg 300w, https:\/\/ecotourspetate.com\/wp-content\/uploads\/2022\/09\/santa-ana-volcano-tour-2-450x364.jpg 450w\" sizes=\"(max-width: 495px) 100vw, 495px\" \/>\t\t\t\t\t\t\t\t<\/a>\n\t\t\t\t\t\t\t\t\t\t\t\t\t\t\t<\/div>\n\t\t\t\t<\/div>\n\t\t\t\t<div class=\"elementor-element elementor-element-78bb501 elementor-absolute elementor-widget elementor-widget-button\" data-id=\"78bb501\" data-element_type=\"widget\" data-e-type=\"widget\" data-settings=\"{&quot;_position&quot;:&quot;absolute&quot;}\" data-widget_type=\"button.default\">\n\t\t\t\t<div class=\"elementor-widget-container\">\n\t\t\t\t\t\t\t\t\t<div class=\"elementor-button-wrapper\">\n\t\t\t\t\t<a class=\"elementor-button elementor-size-sm\" role=\"button\">\n\t\t\t\t\t\t<span class=\"elementor-button-content-wrapper\">\n\t\t\t\t\t\t\t\t\t<span class=\"elementor-button-text\">Aventura<\/span>\n\t\t\t\t\t<\/span>\n\t\t\t\t\t<\/a>\n\t\t\t\t<\/div>\n\t\t\t\t\t\t\t\t<\/div>\n\t\t\t\t<\/div>\n\t\t\t\t<div class=\"elementor-element elementor-element-0257c20 elementor-widget elementor-widget-heading\" data-id=\"0257c20\" data-element_type=\"widget\" data-e-type=\"widget\" data-widget_type=\"heading.default\">\n\t\t\t\t<div class=\"elementor-widget-container\">\n\t\t\t\t\t<h3 class=\"elementor-heading-title elementor-size-default\"><a href=\"https:\/\/ecotourspetate.com\/es\/day-tours-el-salvador-day-tours-un-dia\/ecoturismo-el-salvador\/tour-al-volcan-de-santa-ana\/\">Caminata Volc\u00e1n de Santa Ana<\/a><\/h3>\t\t\t\t<\/div>\n\t\t\t\t<\/div>\n\t\t\t\t<div class=\"elementor-element elementor-element-4694ee7 elementor-icon-list--layout-inline elementor-align-center elementor-list-item-link-full_width elementor-widget elementor-widget-icon-list\" data-id=\"4694ee7\" data-element_type=\"widget\" data-e-type=\"widget\" data-widget_type=\"icon-list.default\">\n\t\t\t\t<div class=\"elementor-widget-container\">\n\t\t\t\t\t\t\t<ul class=\"elementor-icon-list-items elementor-inline-items\">\n\t\t\t\t\t\t\t<li class=\"elementor-icon-list-item elementor-inline-item\">\n\t\t\t\t\t\t\t\t\t\t\t<span class=\"elementor-icon-list-icon\">\n\t\t\t\t\t\t\t<i aria-hidden=\"true\" class=\"far fa-clock\"><\/i>\t\t\t\t\t\t<\/span>\n\t\t\t\t\t\t\t\t\t\t<span class=\"elementor-icon-list-text\">7 - 8 Horas<\/span>\n\t\t\t\t\t\t\t\t\t<\/li>\n\t\t\t\t\t\t\t\t<li class=\"elementor-icon-list-item elementor-inline-item\">\n\t\t\t\t\t\t\t\t\t\t\t<span class=\"elementor-icon-list-icon\">\n\t\t\t\t\t\t\t<i aria-hidden=\"true\" class=\"fas fa-signal\"><\/i>\t\t\t\t\t\t<\/span>\n\t\t\t\t\t\t\t\t\t\t<span class=\"elementor-icon-list-text\">Dificultad Media<\/span>\n\t\t\t\t\t\t\t\t\t<\/li>\n\t\t\t\t\t\t<\/ul>\n\t\t\t\t\t\t<\/div>\n\t\t\t\t<\/div>\n\t\t\t\t<div class=\"elementor-element elementor-element-b651a7e elementor-widget elementor-widget-text-editor\" data-id=\"b651a7e\" data-element_type=\"widget\" data-e-type=\"widget\" data-widget_type=\"text-editor.default\">\n\t\t\t\t<div class=\"elementor-widget-container\">\n\t\t\t\t\t\t\t\t\t<p>Prep\u00e1rate para llegar a la cima del volc\u00e1n m\u00e1s alto de El Salvador, los paisajes m\u00e1s asombrosos de El Salvador, Camina por un volc\u00e1n activo.<\/p>\n\t\t\t\t\t\t\t\t<\/div>\n\t\t\t\t<\/div>\n\t\t\t\t<section class=\"elementor-section elementor-inner-section elementor-element elementor-element-47d4d96 elementor-section-boxed elementor-section-height-default elementor-section-height-default\" data-id=\"47d4d96\" data-element_type=\"section\" data-e-type=\"section\">\n\t\t\t\t\t\t<div class=\"elementor-container elementor-column-gap-default\">\n\t\t\t\t\t<div class=\"elementor-column elementor-col-50 elementor-inner-column elementor-element elementor-element-edd64a3\" data-id=\"edd64a3\" data-element_type=\"column\" data-e-type=\"column\">\n\t\t\t<div class=\"elementor-widget-wrap elementor-element-populated\">\n\t\t\t\t\t\t<div class=\"elementor-element elementor-element-c3aab0d elementor-widget elementor-widget-heading\" data-id=\"c3aab0d\" data-element_type=\"widget\" data-e-type=\"widget\" data-widget_type=\"heading.default\">\n\t\t\t\t<div class=\"elementor-widget-container\">\n\t\t\t\t\t<h2 class=\"elementor-heading-title elementor-size-default\">Desde $85.00 USD<\/h2>\t\t\t\t<\/div>\n\t\t\t\t<\/div>\n\t\t\t\t<div class=\"elementor-element elementor-element-1333387 elementor-widget elementor-widget-text-editor\" data-id=\"1333387\" data-element_type=\"widget\" data-e-type=\"widget\" data-widget_type=\"text-editor.default\">\n\t\t\t\t<div class=\"elementor-widget-container\">\n\t\t\t\t\t\t\t\t\t<p>*El precio var\u00eda seg\u00fan el tama\u00f1o del grupo.<\/p>\n\t\t\t\t\t\t\t\t<\/div>\n\t\t\t\t<\/div>\n\t\t\t\t\t<\/div>\n\t\t<\/div>\n\t\t\t\t<div class=\"elementor-column elementor-col-50 elementor-inner-column elementor-element elementor-element-89ad9cb\" data-id=\"89ad9cb\" data-element_type=\"column\" data-e-type=\"column\">\n\t\t\t<div class=\"elementor-widget-wrap elementor-element-populated\">\n\t\t\t\t\t\t<div class=\"elementor-element elementor-element-d8679a8 elementor-align-center elementor-widget elementor-widget-button\" data-id=\"d8679a8\" data-element_type=\"widget\" data-e-type=\"widget\" data-widget_type=\"button.default\">\n\t\t\t\t<div class=\"elementor-widget-container\">\n\t\t\t\t\t\t\t\t\t<div class=\"elementor-button-wrapper\">\n\t\t\t\t\t<a class=\"elementor-button elementor-button-link elementor-size-xl\" href=\"https:\/\/ecotourspetate.com\/es\/day-tours-el-salvador-day-tours-un-dia\/ecoturismo-el-salvador\/tour-al-volcan-de-santa-ana\/\">\n\t\t\t\t\t\t<span class=\"elementor-button-content-wrapper\">\n\t\t\t\t\t\t<span class=\"elementor-button-icon\">\n\t\t\t\t<i aria-hidden=\"true\" class=\"fas fa-angle-double-right\"><\/i>\t\t\t<\/span>\n\t\t\t\t\t\t\t\t\t<span class=\"elementor-button-text\">Ver viaje<\/span>\n\t\t\t\t\t<\/span>\n\t\t\t\t\t<\/a>\n\t\t\t\t<\/div>\n\t\t\t\t\t\t\t\t<\/div>\n\t\t\t\t<\/div>\n\t\t\t\t\t<\/div>\n\t\t<\/div>\n\t\t\t\t\t<\/div>\n\t\t<\/section>\n\t\t\t\t\t<\/div>\n\t\t<\/div>\n\t\t\t\t<div class=\"elementor-column elementor-col-33 elementor-top-column elementor-element elementor-element-a2b069e\" data-id=\"a2b069e\" data-element_type=\"column\" data-e-type=\"column\" data-settings=\"{&quot;background_background&quot;:&quot;classic&quot;}\">\n\t\t\t<div class=\"elementor-widget-wrap elementor-element-populated\">\n\t\t\t\t\t\t<div class=\"elementor-element elementor-element-f1fd8c7 elementor-widget elementor-widget-image\" data-id=\"f1fd8c7\" data-element_type=\"widget\" data-e-type=\"widget\" data-widget_type=\"image.default\">\n\t\t\t\t<div class=\"elementor-widget-container\">\n\t\t\t\t\t\t\t\t\t\t\t\t\t\t\t\t<a href=\"https:\/\/ecotourspetate.com\/day-tours-el-salvador-day-tours-un-dia\/beach-tour-de-playa\/bahia-de-jiquilisco-bay-biosphere-reserve-and-mangrove-tour\/\">\n\t\t\t\t\t\t\t<img decoding=\"async\" width=\"600\" height=\"485\" src=\"https:\/\/ecotourspetate.com\/wp-content\/uploads\/2025\/08\/jiquilisco-bay-tour-00.jpg\" class=\"attachment-large size-large wp-image-14327\" alt=\"\" srcset=\"https:\/\/ecotourspetate.com\/wp-content\/uploads\/2025\/08\/jiquilisco-bay-tour-00.jpg 600w, https:\/\/ecotourspetate.com\/wp-content\/uploads\/2025\/08\/jiquilisco-bay-tour-00-300x243.jpg 300w\" sizes=\"(max-width: 600px) 100vw, 600px\" \/>\t\t\t\t\t\t\t\t<\/a>\n\t\t\t\t\t\t\t\t\t\t\t\t\t\t\t<\/div>\n\t\t\t\t<\/div>\n\t\t\t\t<div class=\"elementor-element elementor-element-d07d830 elementor-absolute elementor-widget elementor-widget-button\" data-id=\"d07d830\" data-element_type=\"widget\" data-e-type=\"widget\" data-settings=\"{&quot;_position&quot;:&quot;absolute&quot;}\" data-widget_type=\"button.default\">\n\t\t\t\t<div class=\"elementor-widget-container\">\n\t\t\t\t\t\t\t\t\t<div class=\"elementor-button-wrapper\">\n\t\t\t\t\t<a class=\"elementor-button elementor-size-sm\" role=\"button\">\n\t\t\t\t\t\t<span class=\"elementor-button-content-wrapper\">\n\t\t\t\t\t\t\t\t\t<span class=\"elementor-button-text\">Naturaleza<\/span>\n\t\t\t\t\t<\/span>\n\t\t\t\t\t<\/a>\n\t\t\t\t<\/div>\n\t\t\t\t\t\t\t\t<\/div>\n\t\t\t\t<\/div>\n\t\t\t\t<div class=\"elementor-element elementor-element-142a6a6 elementor-widget elementor-widget-heading\" data-id=\"142a6a6\" data-element_type=\"widget\" data-e-type=\"widget\" data-widget_type=\"heading.default\">\n\t\t\t\t<div class=\"elementor-widget-container\">\n\t\t\t\t\t<h3 class=\"elementor-heading-title elementor-size-default\"><a href=\"https:\/\/ecotourspetate.com\/day-tours-el-salvador-day-tours-un-dia\/beach-tour-de-playa\/bahia-de-jiquilisco-bay-biosphere-reserve-and-mangrove-tour\/\">Tour por la Bah\u00eda de Jiquilisco: Manglares y Monos Ara\u00f1a<\/a><\/h3>\t\t\t\t<\/div>\n\t\t\t\t<\/div>\n\t\t\t\t<div class=\"elementor-element elementor-element-c974ec1 elementor-icon-list--layout-inline elementor-align-center elementor-list-item-link-full_width elementor-widget elementor-widget-icon-list\" data-id=\"c974ec1\" data-element_type=\"widget\" data-e-type=\"widget\" data-widget_type=\"icon-list.default\">\n\t\t\t\t<div class=\"elementor-widget-container\">\n\t\t\t\t\t\t\t<ul class=\"elementor-icon-list-items elementor-inline-items\">\n\t\t\t\t\t\t\t<li class=\"elementor-icon-list-item elementor-inline-item\">\n\t\t\t\t\t\t\t\t\t\t\t<span class=\"elementor-icon-list-icon\">\n\t\t\t\t\t\t\t<i aria-hidden=\"true\" class=\"far fa-clock\"><\/i>\t\t\t\t\t\t<\/span>\n\t\t\t\t\t\t\t\t\t\t<span class=\"elementor-icon-list-text\">9 Horas<\/span>\n\t\t\t\t\t\t\t\t\t<\/li>\n\t\t\t\t\t\t\t\t<li class=\"elementor-icon-list-item elementor-inline-item\">\n\t\t\t\t\t\t\t\t\t\t\t<span class=\"elementor-icon-list-icon\">\n\t\t\t\t\t\t\t<i aria-hidden=\"true\" class=\"fas fa-signal\"><\/i>\t\t\t\t\t\t<\/span>\n\t\t\t\t\t\t\t\t\t\t<span class=\"elementor-icon-list-text\">Dificultad Facil<\/span>\n\t\t\t\t\t\t\t\t\t<\/li>\n\t\t\t\t\t\t<\/ul>\n\t\t\t\t\t\t<\/div>\n\t\t\t\t<\/div>\n\t\t\t\t<div class=\"elementor-element elementor-element-b34bdcd elementor-widget elementor-widget-text-editor\" data-id=\"b34bdcd\" data-element_type=\"widget\" data-e-type=\"widget\" data-widget_type=\"text-editor.default\">\n\t\t\t\t<div class=\"elementor-widget-container\">\n\t\t\t\t\t\t\t\t\t<p>Explore los exuberantes manglares de la Bah\u00eda de Jiquilisco y visite un santuario protegido de monos ara\u00f1a. Disfrute de un d\u00eda tranquilo en Puerto Barillas con un paseo en bote o kayak. <strong>Almuerzo incluido.<\/strong><\/p>\n\t\t\t\t\t\t\t\t<\/div>\n\t\t\t\t<\/div>\n\t\t\t\t<section class=\"elementor-section elementor-inner-section elementor-element elementor-element-5ea2d84 elementor-section-boxed elementor-section-height-default elementor-section-height-default\" data-id=\"5ea2d84\" data-element_type=\"section\" data-e-type=\"section\">\n\t\t\t\t\t\t<div class=\"elementor-container elementor-column-gap-default\">\n\t\t\t\t\t<div class=\"elementor-column elementor-col-50 elementor-inner-column elementor-element elementor-element-547a157\" data-id=\"547a157\" data-element_type=\"column\" data-e-type=\"column\">\n\t\t\t<div class=\"elementor-widget-wrap elementor-element-populated\">\n\t\t\t\t\t\t<div class=\"elementor-element elementor-element-4c33a88 elementor-widget elementor-widget-heading\" data-id=\"4c33a88\" data-element_type=\"widget\" data-e-type=\"widget\" data-widget_type=\"heading.default\">\n\t\t\t\t<div class=\"elementor-widget-container\">\n\t\t\t\t\t<h2 class=\"elementor-heading-title elementor-size-default\">Desde $199.00 USD<\/h2>\t\t\t\t<\/div>\n\t\t\t\t<\/div>\n\t\t\t\t<div class=\"elementor-element elementor-element-b54d315 elementor-widget elementor-widget-text-editor\" data-id=\"b54d315\" data-element_type=\"widget\" data-e-type=\"widget\" data-widget_type=\"text-editor.default\">\n\t\t\t\t<div class=\"elementor-widget-container\">\n\t\t\t\t\t\t\t\t\t<p>*El precio var\u00eda seg\u00fan el tama\u00f1o del grupo.<\/p>\n\t\t\t\t\t\t\t\t<\/div>\n\t\t\t\t<\/div>\n\t\t\t\t\t<\/div>\n\t\t<\/div>\n\t\t\t\t<div class=\"elementor-column elementor-col-50 elementor-inner-column elementor-element elementor-element-df2ab24\" data-id=\"df2ab24\" data-element_type=\"column\" data-e-type=\"column\">\n\t\t\t<div class=\"elementor-widget-wrap elementor-element-populated\">\n\t\t\t\t\t\t<div class=\"elementor-element elementor-element-dcc9b36 elementor-align-center elementor-widget elementor-widget-button\" data-id=\"dcc9b36\" data-element_type=\"widget\" data-e-type=\"widget\" data-widget_type=\"button.default\">\n\t\t\t\t<div class=\"elementor-widget-container\">\n\t\t\t\t\t\t\t\t\t<div class=\"elementor-button-wrapper\">\n\t\t\t\t\t<a class=\"elementor-button elementor-button-link elementor-size-xl\" href=\"https:\/\/ecotourspetate.com\/day-tours-el-salvador-day-tours-un-dia\/beach-tour-de-playa\/bahia-de-jiquilisco-bay-biosphere-reserve-and-mangrove-tour\/\">\n\t\t\t\t\t\t<span class=\"elementor-button-content-wrapper\">\n\t\t\t\t\t\t<span class=\"elementor-button-icon\">\n\t\t\t\t<i aria-hidden=\"true\" class=\"fas fa-angle-double-right\"><\/i>\t\t\t<\/span>\n\t\t\t\t\t\t\t\t\t<span class=\"elementor-button-text\">Ver viaje<\/span>\n\t\t\t\t\t<\/span>\n\t\t\t\t\t<\/a>\n\t\t\t\t<\/div>\n\t\t\t\t\t\t\t\t<\/div>\n\t\t\t\t<\/div>\n\t\t\t\t\t<\/div>\n\t\t<\/div>\n\t\t\t\t\t<\/div>\n\t\t<\/section>\n\t\t\t\t\t<\/div>\n\t\t<\/div>\n\t\t\t\t\t<\/div>\n\t\t<\/section>\n\t\t\t\t<\/div>\n\t\t","protected":false},"excerpt":{"rendered":"<p>255 rese\u00f1as &#xE934;&#xE934;&#xE934;&#xE934;&#xE934; 5\/5 Sonsonate, El Salvador Caminata Reserva en Linea *Cancelaci\u00f3n gratuitaHasta 24 horas antes Recogida 08.30 AM Recogida y regreso al hotel Dificultad: Alta Duraci\u00f3n de 7 a 8 horas DESCRIPCI\u00d3N DEL TOUR AL VOLC\u00c1N DE IZALCO El volc\u00e1n Izalco, en El Salvador, es el m\u00e1s joven del pa\u00eds y uno de los [&hellip;]<\/p>\n","protected":false},"author":1,"featured_media":0,"parent":14341,"menu_order":0,"comment_status":"closed","ping_status":"closed","template":"","meta":{"footnotes":""},"yst_prominent_words":[],"class_list":["post-14434","page","type-page","status-publish","hentry"],"_links":{"self":[{"href":"https:\/\/ecotourspetate.com\/es\/wp-json\/wp\/v2\/pages\/14434","targetHints":{"allow":["GET"]}}],"collection":[{"href":"https:\/\/ecotourspetate.com\/es\/wp-json\/wp\/v2\/pages"}],"about":[{"href":"https:\/\/ecotourspetate.com\/es\/wp-json\/wp\/v2\/types\/page"}],"author":[{"embeddable":true,"href":"https:\/\/ecotourspetate.com\/es\/wp-json\/wp\/v2\/users\/1"}],"replies":[{"embeddable":true,"href":"https:\/\/ecotourspetate.com\/es\/wp-json\/wp\/v2\/comments?post=14434"}],"version-history":[{"count":3,"href":"https:\/\/ecotourspetate.com\/es\/wp-json\/wp\/v2\/pages\/14434\/revisions"}],"predecessor-version":[{"id":14437,"href":"https:\/\/ecotourspetate.com\/es\/wp-json\/wp\/v2\/pages\/14434\/revisions\/14437"}],"up":[{"embeddable":true,"href":"https:\/\/ecotourspetate.com\/es\/wp-json\/wp\/v2\/pages\/14341"}],"wp:attachment":[{"href":"https:\/\/ecotourspetate.com\/es\/wp-json\/wp\/v2\/media?parent=14434"}],"wp:term":[{"taxonomy":"yst_prominent_words","embeddable":true,"href":"https:\/\/ecotourspetate.com\/es\/wp-json\/wp\/v2\/yst_prominent_words?post=14434"}],"curies":[{"name":"wp","href":"https:\/\/api.w.org\/{rel}","templated":true}]}}